{"id":653,"date":"2021-12-23T08:28:58","date_gmt":"2021-12-23T08:28:58","guid":{"rendered":"https:\/\/gestoriasole.com\/assessoria-laboral-vilafranca\/"},"modified":"2022-03-14T08:48:17","modified_gmt":"2022-03-14T08:48:17","slug":"asesoria-laboral-vilafranca","status":"publish","type":"page","link":"https:\/\/gestoriasole.com\/es\/asesoria-laboral-vilafranca\/","title":{"rendered":"Asesor\u00eda Laboral"},"content":{"rendered":"<p>[et_pb_section fb_built=&#8221;1&#8243; _builder_version=&#8221;4.6.6&#8243; _module_preset=&#8221;default&#8221; background_image=&#8221;https:\/\/gestoriasole.com\/wp-content\/uploads\/2021\/12\/slider_portada_gestoria.jpg&#8221; height=&#8221;80px&#8221; custom_padding=&#8221;0px||0px||false|false&#8221; global_colors_info=&#8221;{}&#8221;][\/et_pb_section][et_pb_section fb_built=&#8221;1&#8243; _builder_version=&#8221;4.6.6&#8243; _module_preset=&#8221;default&#8221; use_background_color_gradient=&#8221;on&#8221; background_color_gradient_start=&#8221;#efefef&#8221; background_color_gradient_end=&#8221;#ffffff&#8221; background_color_gradient_direction=&#8221;166deg&#8221; custom_margin=&#8221;5px||||false|false&#8221; custom_padding=&#8221;0px||0px||true|false&#8221; global_colors_info=&#8221;{}&#8221;][et_pb_row column_structure=&#8221;2_3,1_3&#8243; use_custom_gutter=&#8221;on&#8221; gutter_width=&#8221;1&#8243; make_equal=&#8221;on&#8221; _builder_version=&#8221;4.6.6&#8243; _module_preset=&#8221;default&#8221; background_enable_color=&#8221;off&#8221; width=&#8221;100%&#8221; custom_margin=&#8221;||||false|false&#8221; custom_padding=&#8221;0px||0px||true|false&#8221; global_colors_info=&#8221;{}&#8221;][et_pb_column type=&#8221;2_3&#8243; _builder_version=&#8221;4.6.6&#8243; _module_preset=&#8221;default&#8221; custom_padding=&#8221;7%|3%|7%|3%|true|true&#8221; global_colors_info=&#8221;{}&#8221;][et_pb_blurb title=&#8221;Asesor\u00eda Laboral&#8221; image_icon_width=&#8221;70%&#8221; content_max_width=&#8221;100%&#8221; _builder_version=&#8221;4.14.6&#8243; _module_preset=&#8221;default&#8221; header_level=&#8221;h1&#8243; header_font=&#8221;|600|||||||&#8221; header_font_size=&#8221;44px&#8221; body_font=&#8221;|300|||||||&#8221; body_font_size=&#8221;20px&#8221; width_tablet=&#8221;75%&#8221; width_phone=&#8221;100%&#8221; width_last_edited=&#8221;off|desktop&#8221; module_alignment=&#8221;left&#8221; animation_style=&#8221;fade&#8221; header_font_size_tablet=&#8221;36px&#8221; header_font_size_phone=&#8221;32px&#8221; header_font_size_last_edited=&#8221;on|phone&#8221; body_font_size_tablet=&#8221;18px&#8221; body_font_size_phone=&#8221;16px&#8221; body_font_size_last_edited=&#8221;on|phone&#8221; image_max_width=&#8221;70%&#8221; global_colors_info=&#8221;{}&#8221;]<\/p>\n<p>C\u00e9ntrate en tu negocio y nosotros nos encargamos del resto. Descubre todo el que podemos hacer por ti y tu proyecto laboral.<\/p>\n<p>[\/et_pb_blurb][\/et_pb_column][et_pb_column type=&#8221;1_3&#8243; _builder_version=&#8221;4.6.6&#8243; _module_preset=&#8221;default&#8221; background_image=&#8221;https:\/\/gestoriasole.com\/wp-content\/uploads\/2021\/12\/slider_portada_gestoria_2.jpg&#8221; global_colors_info=&#8221;{}&#8221;][et_pb_image src=&#8221;https:\/\/gestoriasole.com\/wp-content\/uploads\/2021\/12\/equip-gestoria-sole.jpg&#8221; alt=&#8221;asesores laborales vilafranca&#8221; title_text=&#8221;equip-gestoria-sole&#8221; force_fullwidth=&#8221;on&#8221; _builder_version=&#8221;4.14.6&#8243; _module_preset=&#8221;default&#8221; custom_margin=&#8221;||-80px||false|false&#8221; border_radii=&#8221;off|||12px|12px&#8221; box_shadow_style=&#8221;preset3&#8243; box_shadow_vertical=&#8221;20px&#8221; box_shadow_blur=&#8221;24px&#8221; box_shadow_spread=&#8221;-13px&#8221; global_colors_info=&#8221;{}&#8221;][\/et_pb_image][\/et_pb_column][\/et_pb_row][\/et_pb_section][et_pb_section fb_built=&#8221;1&#8243; _builder_version=&#8221;4.6.6&#8243; _module_preset=&#8221;default&#8221; custom_padding=&#8221;100px||100px||true|false&#8221; bottom_divider_repeat=&#8221;0x&#8221; global_colors_info=&#8221;{}&#8221;][et_pb_row column_structure=&#8221;1_3,1_3,1_3&#8243; module_class=&#8221;serveis-list&#8221; _builder_version=&#8221;4.14.4&#8243; _module_preset=&#8221;default&#8221; custom_padding=&#8221;80px||||false|false&#8221; global_colors_info=&#8221;{}&#8221;][et_pb_column type=&#8221;1_3&#8243; _builder_version=&#8221;4.6.6&#8243; _module_preset=&#8221;default&#8221; global_colors_info=&#8221;{}&#8221;][et_pb_blurb title=&#8221;Confecci\u00f3n de Contratos Laborales&#8221; use_icon=&#8221;on&#8221; font_icon=&#8221;&#x35;||divi||400&#8243; icon_color=&#8221;#ffffff&#8221; image_icon_background_color=&#8221;#3a3a3a&#8221; icon_placement=&#8221;left&#8221; image_icon_width=&#8221;16px&#8221; module_class=&#8221;servicios-blurb&#8221; _builder_version=&#8221;4.14.6&#8243; _module_preset=&#8221;default&#8221; header_level=&#8221;h3&#8243; header_font=&#8221;|600|||||||&#8221; header_font_size=&#8221;22px&#8221; header_letter_spacing=&#8221;-1px&#8221; body_font=&#8221;|300|||||||&#8221; background_color=&#8221;#efefef&#8221; image_icon_custom_padding=&#8221;8px|8px|8px|8px|false|false&#8221; custom_margin=&#8221;||20px||false|false&#8221; custom_padding=&#8221;15px|10px|15px|15px|true|false&#8221; animation_style=&#8221;fade&#8221; link_option_url=&#8221;#confeccio-de-contractes-laborals&#8221; header_font_size_tablet=&#8221;21px&#8221; header_font_size_phone=&#8221;20px&#8221; header_font_size_last_edited=&#8221;on|phone&#8221; border_radii=&#8221;on|12px|12px|12px|12px&#8221; border_radii_image=&#8221;on|100%|100%|100%|100%&#8221; use_circle=&#8221;on&#8221; circle_color=&#8221;#3a3a3a&#8221; global_colors_info=&#8221;{}&#8221; transform_styles__hover_enabled=&#8221;on|hover&#8221; transform_scale__hover_enabled=&#8221;on|hover&#8221; transform_translate__hover_enabled=&#8221;on|desktop&#8221; transform_rotate__hover_enabled=&#8221;on|desktop&#8221; transform_skew__hover_enabled=&#8221;on|desktop&#8221; transform_origin__hover_enabled=&#8221;on|desktop&#8221; transform_scale__hover=&#8221;110%|110%&#8221; image_icon_background_color__sticky_enabled=&#8221;#1f704c&#8221; image_icon_background_color__sticky=&#8221;#1f704c&#8221;][\/et_pb_blurb][et_pb_blurb title=&#8221;Hojas de Salario&#8221; use_icon=&#8221;on&#8221; font_icon=&#8221;&#x35;||divi||400&#8243; icon_color=&#8221;#ffffff&#8221; image_icon_background_color=&#8221;#3a3a3a&#8221; icon_placement=&#8221;left&#8221; image_icon_width=&#8221;16px&#8221; module_class=&#8221;servicios-blurb&#8221; _builder_version=&#8221;4.14.6&#8243; _module_preset=&#8221;default&#8221; header_level=&#8221;h3&#8243; header_font=&#8221;|600|||||||&#8221; header_font_size=&#8221;22px&#8221; header_letter_spacing=&#8221;-1px&#8221; body_font=&#8221;|300|||||||&#8221; background_color=&#8221;#efefef&#8221; image_icon_custom_padding=&#8221;8px|8px|8px|8px|false|false&#8221; custom_margin=&#8221;||20px||false|false&#8221; custom_padding=&#8221;15px|10px|15px|15px|true|false&#8221; animation_style=&#8221;fade&#8221; link_option_url=&#8221;#fulls-de-salari&#8221; header_font_size_tablet=&#8221;21px&#8221; header_font_size_phone=&#8221;20px&#8221; header_font_size_last_edited=&#8221;on|phone&#8221; border_radii=&#8221;on|12px|12px|12px|12px&#8221; border_radii_image=&#8221;on|100%|100%|100%|100%&#8221; use_circle=&#8221;on&#8221; circle_color=&#8221;#3a3a3a&#8221; global_colors_info=&#8221;{}&#8221; transform_styles__hover_enabled=&#8221;on|hover&#8221; transform_scale__hover_enabled=&#8221;on|hover&#8221; transform_translate__hover_enabled=&#8221;on|desktop&#8221; transform_rotate__hover_enabled=&#8221;on|desktop&#8221; transform_skew__hover_enabled=&#8221;on|desktop&#8221; transform_origin__hover_enabled=&#8221;on|desktop&#8221; transform_scale__hover=&#8221;110%|110%&#8221; image_icon_background_color__sticky_enabled=&#8221;#1f704c&#8221; image_icon_background_color__sticky=&#8221;#1f704c&#8221;][\/et_pb_blurb][et_pb_blurb title=&#8221;Seguros Sociales&#8221; use_icon=&#8221;on&#8221; font_icon=&#8221;&#x35;||divi||400&#8243; icon_color=&#8221;#ffffff&#8221; image_icon_background_color=&#8221;#3a3a3a&#8221; icon_placement=&#8221;left&#8221; image_icon_width=&#8221;16px&#8221; module_class=&#8221;servicios-blurb&#8221; _builder_version=&#8221;4.14.6&#8243; _module_preset=&#8221;default&#8221; header_level=&#8221;h3&#8243; header_font=&#8221;|600|||||||&#8221; header_font_size=&#8221;22px&#8221; header_letter_spacing=&#8221;-1px&#8221; body_font=&#8221;|300|||||||&#8221; background_color=&#8221;#efefef&#8221; image_icon_custom_padding=&#8221;8px|8px|8px|8px|false|false&#8221; custom_margin=&#8221;||20px||false|false&#8221; custom_padding=&#8221;15px|10px|15px|15px|true|false&#8221; animation_style=&#8221;fade&#8221; link_option_url=&#8221;#assegurances-socials&#8221; header_font_size_tablet=&#8221;21px&#8221; header_font_size_phone=&#8221;20px&#8221; header_font_size_last_edited=&#8221;on|phone&#8221; border_radii=&#8221;on|12px|12px|12px|12px&#8221; border_radii_image=&#8221;on|100%|100%|100%|100%&#8221; use_circle=&#8221;on&#8221; circle_color=&#8221;#3a3a3a&#8221; global_colors_info=&#8221;{}&#8221; transform_styles__hover_enabled=&#8221;on|hover&#8221; transform_scale__hover_enabled=&#8221;on|hover&#8221; transform_translate__hover_enabled=&#8221;on|desktop&#8221; transform_rotate__hover_enabled=&#8221;on|desktop&#8221; transform_skew__hover_enabled=&#8221;on|desktop&#8221; transform_origin__hover_enabled=&#8221;on|desktop&#8221; transform_scale__hover=&#8221;110%|110%&#8221; image_icon_background_color__sticky_enabled=&#8221;#1f704c&#8221; image_icon_background_color__sticky=&#8221;#1f704c&#8221;][\/et_pb_blurb][et_pb_blurb title=&#8221;Emprendimiento&#8221; use_icon=&#8221;on&#8221; font_icon=&#8221;&#x35;||divi||400&#8243; icon_color=&#8221;#ffffff&#8221; image_icon_background_color=&#8221;#3a3a3a&#8221; icon_placement=&#8221;left&#8221; image_icon_width=&#8221;16px&#8221; module_class=&#8221;servicios-blurb&#8221; _builder_version=&#8221;4.14.6&#8243; _module_preset=&#8221;default&#8221; header_level=&#8221;h3&#8243; header_font=&#8221;|600|||||||&#8221; header_font_size=&#8221;22px&#8221; header_letter_spacing=&#8221;-1px&#8221; body_font=&#8221;|300|||||||&#8221; background_color=&#8221;#efefef&#8221; image_icon_custom_padding=&#8221;8px|8px|8px|8px|false|false&#8221; custom_margin=&#8221;||20px||false|false&#8221; custom_padding=&#8221;15px|10px|15px|15px|true|false&#8221; animation_style=&#8221;fade&#8221; link_option_url=&#8221;#emprenedoria&#8221; header_font_size_tablet=&#8221;21px&#8221; header_font_size_phone=&#8221;20px&#8221; header_font_size_last_edited=&#8221;on|phone&#8221; border_radii=&#8221;on|12px|12px|12px|12px&#8221; border_radii_image=&#8221;on|100%|100%|100%|100%&#8221; use_circle=&#8221;on&#8221; circle_color=&#8221;#3a3a3a&#8221; global_colors_info=&#8221;{}&#8221; transform_styles__hover_enabled=&#8221;on|hover&#8221; transform_scale__hover_enabled=&#8221;on|hover&#8221; transform_translate__hover_enabled=&#8221;on|desktop&#8221; transform_rotate__hover_enabled=&#8221;on|desktop&#8221; transform_skew__hover_enabled=&#8221;on|desktop&#8221; transform_origin__hover_enabled=&#8221;on|desktop&#8221; transform_scale__hover=&#8221;110%|110%&#8221; image_icon_background_color__sticky_enabled=&#8221;#1f704c&#8221; image_icon_background_color__sticky=&#8221;#1f704c&#8221;][\/et_pb_blurb][et_pb_blurb title=&#8221;Paro y Despidos&#8221; use_icon=&#8221;on&#8221; font_icon=&#8221;&#x35;||divi||400&#8243; icon_color=&#8221;#ffffff&#8221; image_icon_background_color=&#8221;#3a3a3a&#8221; icon_placement=&#8221;left&#8221; image_icon_width=&#8221;16px&#8221; module_class=&#8221;servicios-blurb&#8221; _builder_version=&#8221;4.14.6&#8243; _module_preset=&#8221;default&#8221; header_level=&#8221;h3&#8243; header_font=&#8221;|600|||||||&#8221; header_font_size=&#8221;22px&#8221; header_letter_spacing=&#8221;-1px&#8221; body_font=&#8221;|300|||||||&#8221; background_color=&#8221;#efefef&#8221; image_icon_custom_padding=&#8221;8px|8px|8px|8px|false|false&#8221; custom_margin=&#8221;||20px||false|false&#8221; custom_padding=&#8221;15px|10px|15px|15px|true|false&#8221; animation_style=&#8221;fade&#8221; link_option_url=&#8221;#atur-acomiadaments&#8221; header_font_size_tablet=&#8221;21px&#8221; header_font_size_phone=&#8221;20px&#8221; header_font_size_last_edited=&#8221;on|phone&#8221; border_radii=&#8221;on|12px|12px|12px|12px&#8221; border_radii_image=&#8221;on|100%|100%|100%|100%&#8221; use_circle=&#8221;on&#8221; circle_color=&#8221;#3a3a3a&#8221; global_colors_info=&#8221;{}&#8221; transform_styles__hover_enabled=&#8221;on|hover&#8221; transform_scale__hover_enabled=&#8221;on|hover&#8221; transform_translate__hover_enabled=&#8221;on|desktop&#8221; transform_rotate__hover_enabled=&#8221;on|desktop&#8221; transform_skew__hover_enabled=&#8221;on|desktop&#8221; transform_origin__hover_enabled=&#8221;on|desktop&#8221; transform_scale__hover=&#8221;110%|110%&#8221; image_icon_background_color__sticky_enabled=&#8221;#1f704c&#8221; image_icon_background_color__sticky=&#8221;#1f704c&#8221;][\/et_pb_blurb][\/et_pb_column][et_pb_column type=&#8221;1_3&#8243; _builder_version=&#8221;4.6.6&#8243; _module_preset=&#8221;default&#8221; global_colors_info=&#8221;{}&#8221;][et_pb_blurb title=&#8221;Apertura Laboral&#8221; use_icon=&#8221;on&#8221; font_icon=&#8221;&#x35;||divi||400&#8243; icon_color=&#8221;#ffffff&#8221; image_icon_background_color=&#8221;#3a3a3a&#8221; icon_placement=&#8221;left&#8221; image_icon_width=&#8221;16px&#8221; module_class=&#8221;servicios-blurb&#8221; _builder_version=&#8221;4.14.6&#8243; _module_preset=&#8221;default&#8221; header_level=&#8221;h3&#8243; header_font=&#8221;|600|||||||&#8221; header_font_size=&#8221;22px&#8221; header_letter_spacing=&#8221;-1px&#8221; body_font=&#8221;|300|||||||&#8221; background_color=&#8221;#efefef&#8221; image_icon_custom_padding=&#8221;8px|8px|8px|8px|false|false&#8221; custom_margin=&#8221;||20px||false|false&#8221; custom_padding=&#8221;15px|10px|15px|15px|true|false&#8221; animation_style=&#8221;fade&#8221; link_option_url=&#8221;#obertura-laboral&#8221; header_font_size_tablet=&#8221;21px&#8221; header_font_size_phone=&#8221;20px&#8221; header_font_size_last_edited=&#8221;on|phone&#8221; border_radii=&#8221;on|12px|12px|12px|12px&#8221; border_radii_image=&#8221;on|100%|100%|100%|100%&#8221; use_circle=&#8221;on&#8221; circle_color=&#8221;#3a3a3a&#8221; global_colors_info=&#8221;{}&#8221; transform_styles__hover_enabled=&#8221;on|hover&#8221; transform_scale__hover_enabled=&#8221;on|hover&#8221; transform_translate__hover_enabled=&#8221;on|desktop&#8221; transform_rotate__hover_enabled=&#8221;on|desktop&#8221; transform_skew__hover_enabled=&#8221;on|desktop&#8221; transform_origin__hover_enabled=&#8221;on|desktop&#8221; transform_scale__hover=&#8221;110%|110%&#8221; image_icon_background_color__sticky_enabled=&#8221;#1f704c&#8221; image_icon_background_color__sticky=&#8221;#1f704c&#8221;][\/et_pb_blurb][et_pb_blurb title=&#8221;Altas, Bajas y Variaciones en la Seguridad Social&#8221; use_icon=&#8221;on&#8221; font_icon=&#8221;&#x35;||divi||400&#8243; icon_color=&#8221;#ffffff&#8221; image_icon_background_color=&#8221;#3a3a3a&#8221; icon_placement=&#8221;left&#8221; image_icon_width=&#8221;16px&#8221; module_class=&#8221;servicios-blurb&#8221; _builder_version=&#8221;4.14.6&#8243; _module_preset=&#8221;default&#8221; header_level=&#8221;h3&#8243; header_font=&#8221;|600|||||||&#8221; header_font_size=&#8221;22px&#8221; header_letter_spacing=&#8221;-1px&#8221; body_font=&#8221;|300|||||||&#8221; background_color=&#8221;#efefef&#8221; image_icon_custom_padding=&#8221;8px|8px|8px|8px|false|false&#8221; custom_margin=&#8221;||20px||false|false&#8221; custom_padding=&#8221;15px|10px|15px|15px|true|false&#8221; animation_style=&#8221;fade&#8221; link_option_url=&#8221;#altes-baixes-variacions&#8221; header_font_size_tablet=&#8221;21px&#8221; header_font_size_phone=&#8221;20px&#8221; header_font_size_last_edited=&#8221;on|phone&#8221; border_radii=&#8221;on|12px|12px|12px|12px&#8221; border_radii_image=&#8221;on|100%|100%|100%|100%&#8221; use_circle=&#8221;on&#8221; circle_color=&#8221;#3a3a3a&#8221; global_colors_info=&#8221;{}&#8221; transform_styles__hover_enabled=&#8221;on|hover&#8221; transform_scale__hover_enabled=&#8221;on|hover&#8221; transform_translate__hover_enabled=&#8221;on|desktop&#8221; transform_rotate__hover_enabled=&#8221;on|desktop&#8221; transform_skew__hover_enabled=&#8221;on|desktop&#8221; transform_origin__hover_enabled=&#8221;on|desktop&#8221; transform_scale__hover=&#8221;110%|110%&#8221; image_icon_background_color__sticky_enabled=&#8221;#1f704c&#8221; image_icon_background_color__sticky=&#8221;#1f704c&#8221;][\/et_pb_blurb][et_pb_blurb title=&#8221;Seguimiento de Vencimientos de Contratos Laborales&#8221; use_icon=&#8221;on&#8221; font_icon=&#8221;&#x35;||divi||400&#8243; icon_color=&#8221;#ffffff&#8221; image_icon_background_color=&#8221;#3a3a3a&#8221; icon_placement=&#8221;left&#8221; image_icon_width=&#8221;16px&#8221; module_class=&#8221;servicios-blurb&#8221; _builder_version=&#8221;4.14.6&#8243; _module_preset=&#8221;default&#8221; header_level=&#8221;h3&#8243; header_font=&#8221;|600|||||||&#8221; header_font_size=&#8221;22px&#8221; header_letter_spacing=&#8221;-1px&#8221; body_font=&#8221;|300|||||||&#8221; background_color=&#8221;#efefef&#8221; image_icon_custom_padding=&#8221;8px|8px|8px|8px|false|false&#8221; custom_margin=&#8221;||20px||false|false&#8221; custom_padding=&#8221;15px|10px|15px|15px|true|false&#8221; animation_style=&#8221;fade&#8221; link_option_url=&#8221;#seguiment-de-venciments&#8221; header_font_size_tablet=&#8221;21px&#8221; header_font_size_phone=&#8221;20px&#8221; header_font_size_last_edited=&#8221;on|phone&#8221; border_radii=&#8221;on|12px|12px|12px|12px&#8221; border_radii_image=&#8221;on|100%|100%|100%|100%&#8221; use_circle=&#8221;on&#8221; circle_color=&#8221;#3a3a3a&#8221; global_colors_info=&#8221;{}&#8221; transform_styles__hover_enabled=&#8221;on|hover&#8221; transform_scale__hover_enabled=&#8221;on|hover&#8221; transform_translate__hover_enabled=&#8221;on|desktop&#8221; transform_rotate__hover_enabled=&#8221;on|desktop&#8221; transform_skew__hover_enabled=&#8221;on|desktop&#8221; transform_origin__hover_enabled=&#8221;on|desktop&#8221; transform_scale__hover=&#8221;110%|110%&#8221; image_icon_background_color__sticky_enabled=&#8221;#1f704c&#8221; image_icon_background_color__sticky=&#8221;#1f704c&#8221;][\/et_pb_blurb][et_pb_blurb title=&#8221;Pensiones de Jubilaci\u00f3n&#8221; use_icon=&#8221;on&#8221; font_icon=&#8221;&#x35;||divi||400&#8243; icon_color=&#8221;#ffffff&#8221; image_icon_background_color=&#8221;#3a3a3a&#8221; icon_placement=&#8221;left&#8221; image_icon_width=&#8221;16px&#8221; module_class=&#8221;servicios-blurb&#8221; _builder_version=&#8221;4.14.6&#8243; _module_preset=&#8221;default&#8221; header_level=&#8221;h3&#8243; header_font=&#8221;|600|||||||&#8221; header_font_size=&#8221;22px&#8221; header_letter_spacing=&#8221;-1px&#8221; body_font=&#8221;|300|||||||&#8221; background_color=&#8221;#efefef&#8221; image_icon_custom_padding=&#8221;8px|8px|8px|8px|false|false&#8221; custom_margin=&#8221;||20px||false|false&#8221; custom_padding=&#8221;15px|10px|15px|15px|true|false&#8221; animation_style=&#8221;fade&#8221; link_option_url=&#8221;#pensions-de-jubilacio&#8221; header_font_size_tablet=&#8221;21px&#8221; header_font_size_phone=&#8221;20px&#8221; header_font_size_last_edited=&#8221;on|phone&#8221; border_radii=&#8221;on|12px|12px|12px|12px&#8221; border_radii_image=&#8221;on|100%|100%|100%|100%&#8221; use_circle=&#8221;on&#8221; circle_color=&#8221;#3a3a3a&#8221; global_colors_info=&#8221;{}&#8221; transform_styles__hover_enabled=&#8221;on|hover&#8221; transform_scale__hover_enabled=&#8221;on|hover&#8221; transform_translate__hover_enabled=&#8221;on|desktop&#8221; transform_rotate__hover_enabled=&#8221;on|desktop&#8221; transform_skew__hover_enabled=&#8221;on|desktop&#8221; transform_origin__hover_enabled=&#8221;on|desktop&#8221; transform_scale__hover=&#8221;110%|110%&#8221; image_icon_background_color__sticky_enabled=&#8221;#1f704c&#8221; image_icon_background_color__sticky=&#8221;#1f704c&#8221;][\/et_pb_blurb][et_pb_blurb title=&#8221;Gesti\u00f3n Requerimientos AEAT\/TGSS\/INSS&#8221; use_icon=&#8221;on&#8221; font_icon=&#8221;&#x35;||divi||400&#8243; icon_color=&#8221;#ffffff&#8221; image_icon_background_color=&#8221;#3a3a3a&#8221; icon_placement=&#8221;left&#8221; image_icon_width=&#8221;16px&#8221; module_class=&#8221;servicios-blurb&#8221; _builder_version=&#8221;4.14.6&#8243; _module_preset=&#8221;default&#8221; header_level=&#8221;h3&#8243; header_font=&#8221;|600|||||||&#8221; header_font_size=&#8221;22px&#8221; header_letter_spacing=&#8221;-1px&#8221; body_font=&#8221;|300|||||||&#8221; background_color=&#8221;#efefef&#8221; image_icon_custom_padding=&#8221;8px|8px|8px|8px|false|false&#8221; custom_margin=&#8221;||20px||false|false&#8221; custom_padding=&#8221;15px|10px|15px|15px|true|false&#8221; animation_style=&#8221;fade&#8221; link_option_url=&#8221;#gestio-requeriments-aeat-tgss-inss&#8221; header_font_size_tablet=&#8221;21px&#8221; header_font_size_phone=&#8221;20px&#8221; header_font_size_last_edited=&#8221;on|phone&#8221; border_radii=&#8221;on|12px|12px|12px|12px&#8221; border_radii_image=&#8221;on|100%|100%|100%|100%&#8221; use_circle=&#8221;on&#8221; circle_color=&#8221;#3a3a3a&#8221; global_colors_info=&#8221;{}&#8221; transform_styles__hover_enabled=&#8221;on|hover&#8221; transform_scale__hover_enabled=&#8221;on|hover&#8221; transform_translate__hover_enabled=&#8221;on|desktop&#8221; transform_rotate__hover_enabled=&#8221;on|desktop&#8221; transform_skew__hover_enabled=&#8221;on|desktop&#8221; transform_origin__hover_enabled=&#8221;on|desktop&#8221; transform_scale__hover=&#8221;110%|110%&#8221; image_icon_background_color__sticky_enabled=&#8221;#1f704c&#8221; image_icon_background_color__sticky=&#8221;#1f704c&#8221;][\/et_pb_blurb][\/et_pb_column][et_pb_column type=&#8221;1_3&#8243; _builder_version=&#8221;4.6.6&#8243; _module_preset=&#8221;default&#8221; global_colors_info=&#8221;{}&#8221;][et_pb_blurb title=&#8221;Incapacidad Temporal o Permanente&#8221; use_icon=&#8221;on&#8221; font_icon=&#8221;&#x35;||divi||400&#8243; icon_color=&#8221;#ffffff&#8221; image_icon_background_color=&#8221;#3a3a3a&#8221; icon_placement=&#8221;left&#8221; image_icon_width=&#8221;16px&#8221; module_class=&#8221;servicios-blurb&#8221; _builder_version=&#8221;4.14.6&#8243; _module_preset=&#8221;default&#8221; header_level=&#8221;h3&#8243; header_font=&#8221;|600|||||||&#8221; header_font_size=&#8221;22px&#8221; header_letter_spacing=&#8221;-1px&#8221; body_font=&#8221;|300|||||||&#8221; background_color=&#8221;#efefef&#8221; image_icon_custom_padding=&#8221;8px|8px|8px|8px|false|false&#8221; custom_margin=&#8221;||20px||false|false&#8221; custom_padding=&#8221;15px|10px|15px|15px|true|false&#8221; animation_style=&#8221;fade&#8221; link_option_url=&#8221;#incapacitat-temporal-permanent&#8221; header_font_size_tablet=&#8221;21px&#8221; header_font_size_phone=&#8221;20px&#8221; header_font_size_last_edited=&#8221;on|phone&#8221; border_radii=&#8221;on|12px|12px|12px|12px&#8221; border_radii_image=&#8221;on|100%|100%|100%|100%&#8221; use_circle=&#8221;on&#8221; circle_color=&#8221;#3a3a3a&#8221; global_colors_info=&#8221;{}&#8221; transform_styles__hover_enabled=&#8221;on|hover&#8221; transform_scale__hover_enabled=&#8221;on|hover&#8221; transform_translate__hover_enabled=&#8221;on|desktop&#8221; transform_rotate__hover_enabled=&#8221;on|desktop&#8221; transform_skew__hover_enabled=&#8221;on|desktop&#8221; transform_origin__hover_enabled=&#8221;on|desktop&#8221; transform_scale__hover=&#8221;110%|110%&#8221; image_icon_background_color__sticky_enabled=&#8221;#1f704c&#8221; image_icon_background_color__sticky=&#8221;#1f704c&#8221;][\/et_pb_blurb][et_pb_blurb title=&#8221;Viudedad\/Orfandad&#8221; use_icon=&#8221;on&#8221; font_icon=&#8221;&#x35;||divi||400&#8243; icon_color=&#8221;#ffffff&#8221; image_icon_background_color=&#8221;#3a3a3a&#8221; icon_placement=&#8221;left&#8221; image_icon_width=&#8221;16px&#8221; module_class=&#8221;servicios-blurb&#8221; _builder_version=&#8221;4.14.6&#8243; _module_preset=&#8221;default&#8221; header_level=&#8221;h3&#8243; header_font=&#8221;|600|||||||&#8221; header_font_size=&#8221;22px&#8221; header_letter_spacing=&#8221;-1px&#8221; body_font=&#8221;|300|||||||&#8221; background_color=&#8221;#efefef&#8221; image_icon_custom_padding=&#8221;8px|8px|8px|8px|false|false&#8221; custom_margin=&#8221;||20px||false|false&#8221; custom_padding=&#8221;15px|10px|15px|15px|true|false&#8221; animation_style=&#8221;fade&#8221; link_option_url=&#8221;#viudetat-orfandat&#8221; header_font_size_tablet=&#8221;21px&#8221; header_font_size_phone=&#8221;20px&#8221; header_font_size_last_edited=&#8221;on|phone&#8221; border_radii=&#8221;on|12px|12px|12px|12px&#8221; border_radii_image=&#8221;on|100%|100%|100%|100%&#8221; use_circle=&#8221;on&#8221; circle_color=&#8221;#3a3a3a&#8221; global_colors_info=&#8221;{}&#8221; transform_styles__hover_enabled=&#8221;on|hover&#8221; transform_scale__hover_enabled=&#8221;on|hover&#8221; transform_translate__hover_enabled=&#8221;on|desktop&#8221; transform_rotate__hover_enabled=&#8221;on|desktop&#8221; transform_skew__hover_enabled=&#8221;on|desktop&#8221; transform_origin__hover_enabled=&#8221;on|desktop&#8221; transform_scale__hover=&#8221;110%|110%&#8221; image_icon_background_color__sticky_enabled=&#8221;#1f704c&#8221; image_icon_background_color__sticky=&#8221;#1f704c&#8221;][\/et_pb_blurb][et_pb_blurb title=&#8221;Maternidad\/Paternidad&#8221; use_icon=&#8221;on&#8221; font_icon=&#8221;&#x35;||divi||400&#8243; icon_color=&#8221;#ffffff&#8221; image_icon_background_color=&#8221;#3a3a3a&#8221; icon_placement=&#8221;left&#8221; image_icon_width=&#8221;16px&#8221; module_class=&#8221;servicios-blurb&#8221; _builder_version=&#8221;4.14.6&#8243; _module_preset=&#8221;default&#8221; header_level=&#8221;h3&#8243; header_font=&#8221;|600|||||||&#8221; header_font_size=&#8221;22px&#8221; header_letter_spacing=&#8221;-1px&#8221; body_font=&#8221;|300|||||||&#8221; background_color=&#8221;#efefef&#8221; image_icon_custom_padding=&#8221;8px|8px|8px|8px|false|false&#8221; custom_margin=&#8221;||20px||false|false&#8221; custom_padding=&#8221;15px|10px|15px|15px|true|false&#8221; animation_style=&#8221;fade&#8221; link_option_url=&#8221;#maternitat-paternitat&#8221; header_font_size_tablet=&#8221;21px&#8221; header_font_size_phone=&#8221;20px&#8221; header_font_size_last_edited=&#8221;on|phone&#8221; border_radii=&#8221;on|12px|12px|12px|12px&#8221; border_radii_image=&#8221;on|100%|100%|100%|100%&#8221; use_circle=&#8221;on&#8221; circle_color=&#8221;#3a3a3a&#8221; global_colors_info=&#8221;{}&#8221; transform_styles__hover_enabled=&#8221;on|hover&#8221; transform_scale__hover_enabled=&#8221;on|hover&#8221; transform_translate__hover_enabled=&#8221;on|desktop&#8221; transform_rotate__hover_enabled=&#8221;on|desktop&#8221; transform_skew__hover_enabled=&#8221;on|desktop&#8221; transform_origin__hover_enabled=&#8221;on|desktop&#8221; transform_scale__hover=&#8221;110%|110%&#8221; image_icon_background_color__sticky_enabled=&#8221;#1f704c&#8221; image_icon_background_color__sticky=&#8221;#1f704c&#8221;][\/et_pb_blurb][et_pb_blurb title=&#8221;Prevenci\u00f3n de Riesgos Laborales&#8221; use_icon=&#8221;on&#8221; font_icon=&#8221;&#x35;||divi||400&#8243; icon_color=&#8221;#ffffff&#8221; image_icon_background_color=&#8221;#3a3a3a&#8221; icon_placement=&#8221;left&#8221; image_icon_width=&#8221;16px&#8221; module_class=&#8221;servicios-blurb&#8221; _builder_version=&#8221;4.14.6&#8243; _module_preset=&#8221;default&#8221; header_level=&#8221;h3&#8243; header_font=&#8221;|600|||||||&#8221; header_font_size=&#8221;22px&#8221; header_letter_spacing=&#8221;-1px&#8221; body_font=&#8221;|300|||||||&#8221; background_color=&#8221;#efefef&#8221; image_icon_custom_padding=&#8221;8px|8px|8px|8px|false|false&#8221; custom_margin=&#8221;||20px||false|false&#8221; custom_padding=&#8221;15px|10px|15px|15px|true|false&#8221; animation_style=&#8221;fade&#8221; link_option_url=&#8221;#prevencio-riscos-laborals&#8221; header_font_size_tablet=&#8221;21px&#8221; header_font_size_phone=&#8221;20px&#8221; header_font_size_last_edited=&#8221;on|phone&#8221; border_radii=&#8221;on|12px|12px|12px|12px&#8221; border_radii_image=&#8221;on|100%|100%|100%|100%&#8221; use_circle=&#8221;on&#8221; circle_color=&#8221;#3a3a3a&#8221; global_colors_info=&#8221;{}&#8221; transform_styles__hover_enabled=&#8221;on|hover&#8221; transform_scale__hover_enabled=&#8221;on|hover&#8221; transform_translate__hover_enabled=&#8221;on|desktop&#8221; transform_rotate__hover_enabled=&#8221;on|desktop&#8221; transform_skew__hover_enabled=&#8221;on|desktop&#8221; transform_origin__hover_enabled=&#8221;on|desktop&#8221; transform_scale__hover=&#8221;110%|110%&#8221; image_icon_background_color__sticky_enabled=&#8221;#1f704c&#8221; image_icon_background_color__sticky=&#8221;#1f704c&#8221;][\/et_pb_blurb][et_pb_blurb title=&#8221;Tramitaci\u00f3n de Enfermedad\/Accidente&#8221; use_icon=&#8221;on&#8221; font_icon=&#8221;&#x35;||divi||400&#8243; icon_color=&#8221;#ffffff&#8221; image_icon_background_color=&#8221;#3a3a3a&#8221; icon_placement=&#8221;left&#8221; image_icon_width=&#8221;16px&#8221; module_class=&#8221;servicios-blurb&#8221; _builder_version=&#8221;4.14.6&#8243; _module_preset=&#8221;default&#8221; header_level=&#8221;h3&#8243; header_font=&#8221;|600|||||||&#8221; header_font_size=&#8221;22px&#8221; header_letter_spacing=&#8221;-1px&#8221; body_font=&#8221;|300|||||||&#8221; background_color=&#8221;#efefef&#8221; image_icon_custom_padding=&#8221;8px|8px|8px|8px|false|false&#8221; custom_margin=&#8221;||20px||false|false&#8221; custom_padding=&#8221;15px|10px|15px|15px|true|false&#8221; animation_style=&#8221;fade&#8221; link_option_url=&#8221;#tramitacio-de-malaltia-accident&#8221; header_font_size_tablet=&#8221;21px&#8221; header_font_size_phone=&#8221;20px&#8221; header_font_size_last_edited=&#8221;on|phone&#8221; border_radii=&#8221;on|12px|12px|12px|12px&#8221; border_radii_image=&#8221;on|100%|100%|100%|100%&#8221; use_circle=&#8221;on&#8221; circle_color=&#8221;#3a3a3a&#8221; global_colors_info=&#8221;{}&#8221; transform_styles__hover_enabled=&#8221;on|hover&#8221; transform_scale__hover_enabled=&#8221;on|hover&#8221; transform_translate__hover_enabled=&#8221;on|desktop&#8221; transform_rotate__hover_enabled=&#8221;on|desktop&#8221; transform_skew__hover_enabled=&#8221;on|desktop&#8221; transform_origin__hover_enabled=&#8221;on|desktop&#8221; transform_scale__hover=&#8221;110%|110%&#8221; title__hover_enabled=&#8221;off|desktop&#8221; image_icon_background_color__sticky_enabled=&#8221;#1f704c&#8221; image_icon_background_color__sticky=&#8221;#1f704c&#8221;][\/et_pb_blurb][\/et_pb_column][\/et_pb_row][\/et_pb_section][et_pb_section fb_built=&#8221;1&#8243; _builder_version=&#8221;4.6.6&#8243; _module_preset=&#8221;default&#8221; background_color=&#8221;#efefef&#8221; background_enable_image=&#8221;off&#8221; parallax=&#8221;on&#8221; parallax_method=&#8221;off&#8221; custom_margin=&#8221;||||false|false&#8221; custom_padding=&#8221;0px||0px||true|false&#8221; global_colors_info=&#8221;{}&#8221;][et_pb_row column_structure=&#8221;1_2,1_2&#8243; use_custom_gutter=&#8221;on&#8221; gutter_width=&#8221;1&#8243; make_equal=&#8221;on&#8221; _builder_version=&#8221;4.14.5&#8243; _module_preset=&#8221;default&#8221; width=&#8221;100%&#8221; max_width=&#8221;100%&#8221; custom_margin=&#8221;||||false|false&#8221; custom_padding=&#8221;0px||0px||true|false&#8221; custom_css_main_element=&#8221;display: flex;||flex-wrap: wrap;&#8221; global_colors_info=&#8221;{}&#8221;][et_pb_column type=&#8221;1_2&#8243; _builder_version=&#8221;4.14.4&#8243; _module_preset=&#8221;default&#8221; custom_padding=&#8221;8%|6%|8%|6%|true|true&#8221; global_colors_info=&#8221;{}&#8221; custom_css_main_element_last_edited=&#8221;on|tablet&#8221; custom_css_main_element_tablet=&#8221;order:1;&#8221; custom_css_main_element_phone=&#8221;order:1;&#8221;][et_pb_text _builder_version=&#8221;4.14.6&#8243; _module_preset=&#8221;default&#8221; text_font=&#8221;|300|||||||&#8221; text_text_color=&#8221;#3a3a3a&#8221; text_font_size=&#8221;22px&#8221; header_3_font=&#8221;|600|||||||&#8221; header_3_text_color=&#8221;#3a3a3a&#8221; header_3_font_size=&#8221;32px&#8221; module_alignment=&#8221;left&#8221; custom_padding=&#8221;||0px||false|false&#8221; text_font_size_tablet=&#8221;20px&#8221; text_font_size_phone=&#8221;18px&#8221; text_font_size_last_edited=&#8221;on|phone&#8221; header_3_font_size_tablet=&#8221;28px&#8221; header_3_font_size_phone=&#8221;24px&#8221; header_3_font_size_last_edited=&#8221;on|phone&#8221; global_colors_info=&#8221;{}&#8221;]<\/p>\n<h3 style=\"margin-bottom: 20px;\">Nosotros lo hacemos por ti<\/h3>\n<p>Una de las cosas m\u00e1s importantes para nosotros sois t\u00fa y tu negocio. Por eso dentro de nuestro asesoramiento realizamos un estudio de la situaci\u00f3n en la cual se encuentra tu empresa para determinar si se ajusta a la normativa vigente y creamos informes personalizados de las medidas que se tendr\u00edan que adoptar en cada caso seg\u00fan el tipo de empresa, persona aut\u00f3noma o profesional.<\/p>\n<p>[\/et_pb_text][\/et_pb_column][et_pb_column type=&#8221;1_2&#8243; _builder_version=&#8221;4.14.5&#8243; _module_preset=&#8221;default&#8221; background_image=&#8221;https:\/\/gestoriasole.com\/wp-content\/uploads\/2022\/01\/gestoria-laboral-vilafranca.jpg&#8221; custom_padding=&#8221;||||true|true&#8221; global_colors_info=&#8221;{}&#8221; custom_css_main_element_last_edited=&#8221;on|tablet&#8221; custom_css_main_element_tablet=&#8221;order:2;&#8221; custom_css_main_element_phone=&#8221;order:2;&#8221;][et_pb_code _builder_version=&#8221;4.14.4&#8243; _module_preset=&#8221;default&#8221; min_height=&#8221;380px&#8221; global_colors_info=&#8221;{}&#8221;][\/et_pb_code][et_pb_code _builder_version=&#8221;4.6.6&#8243; _module_preset=&#8221;default&#8221; global_colors_info=&#8221;{}&#8221;][\/et_pb_code][et_pb_code _builder_version=&#8221;4.6.6&#8243; _module_preset=&#8221;default&#8221; global_colors_info=&#8221;{}&#8221;][\/et_pb_code][\/et_pb_column][\/et_pb_row][et_pb_row column_structure=&#8221;1_2,1_2&#8243; use_custom_gutter=&#8221;on&#8221; gutter_width=&#8221;1&#8243; make_equal=&#8221;on&#8221; _builder_version=&#8221;4.14.5&#8243; _module_preset=&#8221;default&#8221; width=&#8221;100%&#8221; max_width=&#8221;100%&#8221; custom_margin=&#8221;||||false|false&#8221; custom_padding=&#8221;0px||0px||true|false&#8221; custom_css_main_element=&#8221;display: flex;||flex-wrap: wrap;&#8221; global_colors_info=&#8221;{}&#8221;][et_pb_column type=&#8221;1_2&#8243; _builder_version=&#8221;4.14.5&#8243; _module_preset=&#8221;default&#8221; background_image=&#8221;https:\/\/gestoriasole.com\/wp-content\/uploads\/2022\/01\/Assesoria-laboral-vilafranca.jpg&#8221; custom_padding=&#8221;||||true|true&#8221; global_colors_info=&#8221;{}&#8221; custom_css_main_element_last_edited=&#8221;on|tablet&#8221; custom_css_main_element_tablet=&#8221;order: 1;&#8221; custom_css_main_element_phone=&#8221;order: 1;&#8221;][et_pb_code _builder_version=&#8221;4.14.4&#8243; _module_preset=&#8221;default&#8221; min_height=&#8221;380px&#8221; global_colors_info=&#8221;{}&#8221;][\/et_pb_code][\/et_pb_column][et_pb_column type=&#8221;1_2&#8243; _builder_version=&#8221;4.6.6&#8243; _module_preset=&#8221;default&#8221; custom_padding=&#8221;8%|6%|8%|6%|true|true&#8221; global_colors_info=&#8221;{}&#8221;][et_pb_text _builder_version=&#8221;4.14.6&#8243; _module_preset=&#8221;default&#8221; text_font=&#8221;|300|||||||&#8221; text_text_color=&#8221;#3a3a3a&#8221; text_font_size=&#8221;22px&#8221; header_3_font=&#8221;|600|||||||&#8221; header_3_text_color=&#8221;#3a3a3a&#8221; header_3_font_size=&#8221;32px&#8221; module_alignment=&#8221;left&#8221; custom_padding=&#8221;||0px||false|false&#8221; text_font_size_tablet=&#8221;20px&#8221; text_font_size_phone=&#8221;18px&#8221; text_font_size_last_edited=&#8221;on|desktop&#8221; header_3_font_size_tablet=&#8221;28px&#8221; header_3_font_size_phone=&#8221;24px&#8221; header_3_font_size_last_edited=&#8221;on|phone&#8221; global_colors_info=&#8221;{}&#8221;]<\/p>\n<h3 style=\"margin-bottom: 20px;\">Asesores laborales en Barcelona<\/h3>\n<p>Si necesitas asesoramiento laboral en cualquier gesti\u00f3n laboral, de personal, defensa judicial y administrativa, o ayuda en recursos humanos, contrataciones o prevenci\u00f3n de riesgos laborales, entre otros, somos la empresa que buscas. Gracias a nuestra dilatada experiencia ponemos a tu disposici\u00f3n soluciones efectivas a problemas de \u00e1mbito social-laboral.<\/p>\n<p>[\/et_pb_text][\/et_pb_column][\/et_pb_row][\/et_pb_section][et_pb_section fb_built=&#8221;1&#8243; _builder_version=&#8221;4.6.6&#8243; _module_preset=&#8221;default&#8221; background_color=&#8221;#efefef&#8221; custom_padding=&#8221;80px||80px||true|false&#8221; global_colors_info=&#8221;{}&#8221;][et_pb_row column_structure=&#8221;1_5,1_5,1_5,1_5,1_5&#8243; use_custom_gutter=&#8221;on&#8221; gutter_width=&#8221;2&#8243; make_equal=&#8221;on&#8221; module_class=&#8221;servicios-explain&#8221; _builder_version=&#8221;4.6.6&#8243; _module_preset=&#8221;default&#8221; global_colors_info=&#8221;{}&#8221;][et_pb_column type=&#8221;1_5&#8243; _builder_version=&#8221;4.6.6&#8243; _module_preset=&#8221;default&#8221; global_colors_info=&#8221;{}&#8221;][et_pb_blurb use_icon=&#8221;on&#8221; font_icon=&#8221;&#x52;||divi||400&#8243; image_icon_width=&#8221;56px&#8221; module_class=&#8221;servicios-checks&#8221; _builder_version=&#8221;4.14.6&#8243; _module_preset=&#8221;default&#8221; header_font=&#8221;|600|||||||&#8221; header_text_color=&#8221;#3a3a3a&#8221; header_font_size=&#8221;20px&#8221; body_font=&#8221;Poppins|600|||||||&#8221; body_text_align=&#8221;center&#8221; body_font_size=&#8221;20px&#8221; body_line_height=&#8221;1em&#8221; text_orientation=&#8221;center&#8221; header_font_size_tablet=&#8221;&#8221; header_font_size_phone=&#8221;22px&#8221; header_font_size_last_edited=&#8221;on|phone&#8221; icon_font_size=&#8221;56px&#8221; global_colors_info=&#8221;{}&#8221;]<\/p>\n<p>M\u00e1s de 50 a\u00f1os de experiencia<\/p>\n<p>[\/et_pb_blurb][\/et_pb_column][et_pb_column type=&#8221;1_5&#8243; _builder_version=&#8221;4.6.6&#8243; _module_preset=&#8221;default&#8221; global_colors_info=&#8221;{}&#8221;][et_pb_blurb use_icon=&#8221;on&#8221; font_icon=&#8221;&#x52;||divi||400&#8243; image_icon_width=&#8221;56px&#8221; module_class=&#8221;servicios-checks&#8221; _builder_version=&#8221;4.14.6&#8243; _module_preset=&#8221;default&#8221; header_font=&#8221;|600|||||||&#8221; header_text_color=&#8221;#3a3a3a&#8221; header_font_size=&#8221;20px&#8221; body_font=&#8221;Poppins|600|||||||&#8221; body_text_align=&#8221;center&#8221; body_font_size=&#8221;20px&#8221; body_line_height=&#8221;1em&#8221; text_orientation=&#8221;center&#8221; header_font_size_tablet=&#8221;&#8221; header_font_size_phone=&#8221;22px&#8221; header_font_size_last_edited=&#8221;on|phone&#8221; icon_font_size=&#8221;56px&#8221; global_colors_info=&#8221;{}&#8221;]<\/p>\n<p>Trato personalizado<\/p>\n<p>[\/et_pb_blurb][\/et_pb_column][et_pb_column type=&#8221;1_5&#8243; _builder_version=&#8221;4.6.6&#8243; _module_preset=&#8221;default&#8221; global_colors_info=&#8221;{}&#8221;][et_pb_blurb use_icon=&#8221;on&#8221; font_icon=&#8221;&#x52;||divi||400&#8243; image_icon_width=&#8221;56px&#8221; module_class=&#8221;servicios-checks&#8221; _builder_version=&#8221;4.14.6&#8243; _module_preset=&#8221;default&#8221; header_font=&#8221;|600|||||||&#8221; header_text_color=&#8221;#3a3a3a&#8221; header_font_size=&#8221;20px&#8221; body_font=&#8221;Poppins|600|||||||&#8221; body_text_align=&#8221;center&#8221; body_font_size=&#8221;20px&#8221; body_line_height=&#8221;1em&#8221; text_orientation=&#8221;center&#8221; header_font_size_tablet=&#8221;&#8221; header_font_size_phone=&#8221;22px&#8221; header_font_size_last_edited=&#8221;on|phone&#8221; icon_font_size=&#8221;56px&#8221; global_colors_info=&#8221;{}&#8221;]<\/p>\n<p>Resultados \u00f3ptimos<\/p>\n<p>[\/et_pb_blurb][\/et_pb_column][et_pb_column type=&#8221;1_5&#8243; _builder_version=&#8221;4.6.6&#8243; _module_preset=&#8221;default&#8221; global_colors_info=&#8221;{}&#8221;][et_pb_blurb use_icon=&#8221;on&#8221; font_icon=&#8221;&#x52;||divi||400&#8243; image_icon_width=&#8221;56px&#8221; module_class=&#8221;servicios-checks&#8221; _builder_version=&#8221;4.14.6&#8243; _module_preset=&#8221;default&#8221; header_font=&#8221;|600|||||||&#8221; header_text_color=&#8221;#3a3a3a&#8221; header_font_size=&#8221;20px&#8221; body_font=&#8221;Poppins|600|||||||&#8221; body_text_align=&#8221;center&#8221; body_font_size=&#8221;20px&#8221; body_line_height=&#8221;1em&#8221; text_orientation=&#8221;center&#8221; header_font_size_tablet=&#8221;&#8221; header_font_size_phone=&#8221;22px&#8221; header_font_size_last_edited=&#8221;on|phone&#8221; icon_font_size=&#8221;56px&#8221; global_colors_info=&#8221;{}&#8221;]<\/p>\n<p>Equipo humano<\/p>\n<p>[\/et_pb_blurb][\/et_pb_column][et_pb_column type=&#8221;1_5&#8243; _builder_version=&#8221;4.6.6&#8243; _module_preset=&#8221;default&#8221; global_colors_info=&#8221;{}&#8221;][et_pb_blurb use_icon=&#8221;on&#8221; font_icon=&#8221;&#x52;||divi||400&#8243; image_icon_width=&#8221;56px&#8221; module_class=&#8221;servicios-checks&#8221; _builder_version=&#8221;4.14.6&#8243; _module_preset=&#8221;default&#8221; header_font=&#8221;|600|||||||&#8221; header_text_color=&#8221;#3a3a3a&#8221; header_font_size=&#8221;20px&#8221; body_font=&#8221;Poppins|600|||||||&#8221; body_text_align=&#8221;center&#8221; body_font_size=&#8221;20px&#8221; body_line_height=&#8221;1em&#8221; text_orientation=&#8221;center&#8221; header_font_size_tablet=&#8221;&#8221; header_font_size_phone=&#8221;22px&#8221; header_font_size_last_edited=&#8221;on|phone&#8221; icon_font_size=&#8221;56px&#8221; global_colors_info=&#8221;{}&#8221;]<\/p>\n<p>Proximidad<\/p>\n<p>[\/et_pb_blurb][\/et_pb_column][\/et_pb_row][\/et_pb_section][et_pb_section fb_built=&#8221;1&#8243; _builder_version=&#8221;4.6.6&#8243; _module_preset=&#8221;default&#8221; custom_padding=&#8221;80px||80px||true|false&#8221; global_colors_info=&#8221;{}&#8221;][et_pb_row module_class=&#8221;servicios-explain&#8221; _builder_version=&#8221;4.6.6&#8243; _module_preset=&#8221;default&#8221; global_colors_info=&#8221;{}&#8221;][et_pb_column type=&#8221;4_4&#8243; _builder_version=&#8221;4.6.6&#8243; _module_preset=&#8221;default&#8221; global_colors_info=&#8221;{}&#8221;][et_pb_text module_id=&#8221;tramitacio-de-malaltia-accident&#8221; _builder_version=&#8221;4.14.9&#8243; _module_preset=&#8221;default&#8221; text_font=&#8221;|300|||||||&#8221; text_text_color=&#8221;#3a3a3a&#8221; text_font_size=&#8221;18px&#8221; header_3_font=&#8221;|600|||||||&#8221; header_3_text_color=&#8221;#3a3a3a&#8221; header_3_font_size=&#8221;26px&#8221; module_alignment=&#8221;left&#8221; custom_padding=&#8221;||||false|false&#8221; hover_enabled=&#8221;0&#8243; text_font_size_tablet=&#8221;17px&#8221; text_font_size_phone=&#8221;16px&#8221; text_font_size_last_edited=&#8221;on|phone&#8221; header_3_font_size_tablet=&#8221;24px&#8221; header_3_font_size_phone=&#8221;22px&#8221; header_3_font_size_last_edited=&#8221;on|phone&#8221; global_colors_info=&#8221;{}&#8221; sticky_enabled=&#8221;0&#8243;]<\/p>\n<h3 style=\"margin-bottom: 20px;\"><strong>Tramitaci\u00f3n de Enfermedad\/Accidente<\/strong><\/h3>\n<p>En Gestoria Sol\u00e9 pensamos en ti y los tuyos. Por eso nos encargamos de cualquier tr\u00e1mite y gesti\u00f3n de partes por si sufres alguna enfermedad o accidente.<\/p>\n<p>[\/et_pb_text][et_pb_text module_id=&#8221;confeccio-de-contractes-laborals&#8221; _builder_version=&#8221;4.14.6&#8243; _module_preset=&#8221;default&#8221; text_font=&#8221;|300|||||||&#8221; text_text_color=&#8221;#3a3a3a&#8221; text_font_size=&#8221;18px&#8221; header_3_font=&#8221;|600|||||||&#8221; header_3_text_color=&#8221;#3a3a3a&#8221; header_3_font_size=&#8221;26px&#8221; module_alignment=&#8221;left&#8221; custom_padding=&#8221;||||false|false&#8221; text_font_size_tablet=&#8221;17px&#8221; text_font_size_phone=&#8221;16px&#8221; text_font_size_last_edited=&#8221;on|phone&#8221; header_3_font_size_tablet=&#8221;24px&#8221; header_3_font_size_phone=&#8221;22px&#8221; header_3_font_size_last_edited=&#8221;on|phone&#8221; global_colors_info=&#8221;{}&#8221;]<\/p>\n<h3 style=\"margin-bottom: 20px;\"><strong>Confecci\u00f3n de Contratos Laborales<\/strong><\/h3>\n<p>En el momento de iniciar una relaci\u00f3n laboral es fundamental la confecci\u00f3n de un contrato donde especifiquen las condiciones laborales y para evitar sanciones administrativas. Nosotros nos ocupamos de todo.<\/p>\n<p>[\/et_pb_text][et_pb_text module_id=&#8221;fulls-de-salari&#8221; _builder_version=&#8221;4.14.6&#8243; _module_preset=&#8221;default&#8221; text_font=&#8221;|300|||||||&#8221; text_text_color=&#8221;#3a3a3a&#8221; text_font_size=&#8221;18px&#8221; header_3_font=&#8221;|600|||||||&#8221; header_3_text_color=&#8221;#3a3a3a&#8221; header_3_font_size=&#8221;26px&#8221; module_alignment=&#8221;left&#8221; custom_padding=&#8221;||||false|false&#8221; text_font_size_tablet=&#8221;17px&#8221; text_font_size_phone=&#8221;16px&#8221; text_font_size_last_edited=&#8221;on|phone&#8221; header_3_font_size_tablet=&#8221;24px&#8221; header_3_font_size_phone=&#8221;22px&#8221; header_3_font_size_last_edited=&#8221;on|phone&#8221; global_colors_info=&#8221;{}&#8221;]<\/p>\n<h3 style=\"margin-bottom: 20px;\"><b>Hojas de Salario<\/b><\/h3>\n<p>Las hojas de salario son esenciales en el momento de pagar al empleado, del mismo modo que lo es la Seguridad Social o las retenciones de IRPF. Si tienes una empresa y tienes que relacionar los conceptos salariales de los trabajadores, te ofrecemos lo que necesitas.<\/p>\n<p>[\/et_pb_text][et_pb_text module_id=&#8221;assegurances-socials&#8221; _builder_version=&#8221;4.14.6&#8243; _module_preset=&#8221;default&#8221; text_font=&#8221;|300|||||||&#8221; text_text_color=&#8221;#3a3a3a&#8221; text_font_size=&#8221;18px&#8221; header_3_font=&#8221;|600|||||||&#8221; header_3_text_color=&#8221;#3a3a3a&#8221; header_3_font_size=&#8221;26px&#8221; module_alignment=&#8221;left&#8221; custom_padding=&#8221;||||false|false&#8221; text_font_size_tablet=&#8221;17px&#8221; text_font_size_phone=&#8221;16px&#8221; text_font_size_last_edited=&#8221;on|phone&#8221; header_3_font_size_tablet=&#8221;24px&#8221; header_3_font_size_phone=&#8221;22px&#8221; header_3_font_size_last_edited=&#8221;on|phone&#8221; global_colors_info=&#8221;{}&#8221;]<\/p>\n<h3 style=\"margin-bottom: 20px;\"><b>Seguridad Social<\/b><\/h3>\n<p>La Seguridad\u00a0 Social garantiza a las personas la protecci\u00f3n social adecuada ante contingencias y situaciones de necesidades sociales que puedan acontecer. Garantiza las prestaciones asistenciales, sanitarias y econ\u00f3micas que necesita cualquier persona en edad de trabajar.<\/p>\n<p>[\/et_pb_text][et_pb_text module_id=&#8221;emprenedoria&#8221; _builder_version=&#8221;4.14.6&#8243; _module_preset=&#8221;default&#8221; text_font=&#8221;|300|||||||&#8221; text_text_color=&#8221;#3a3a3a&#8221; text_font_size=&#8221;18px&#8221; header_3_font=&#8221;|600|||||||&#8221; header_3_text_color=&#8221;#3a3a3a&#8221; header_3_font_size=&#8221;26px&#8221; module_alignment=&#8221;left&#8221; custom_padding=&#8221;||||false|false&#8221; text_font_size_tablet=&#8221;17px&#8221; text_font_size_phone=&#8221;16px&#8221; text_font_size_last_edited=&#8221;on|phone&#8221; header_3_font_size_tablet=&#8221;24px&#8221; header_3_font_size_phone=&#8221;22px&#8221; header_3_font_size_last_edited=&#8221;on|phone&#8221; global_colors_info=&#8221;{}&#8221;]<\/p>\n<h3 style=\"margin-bottom: 20px;\"><b>Emprendimiento<\/b><\/h3>\n<p>Te ayudamos a mejorar tu empresa a trav\u00e9s de un asesoramiento personal de emprendimiento para mejorar y crecer con tu negocio.<\/p>\n<p>[\/et_pb_text][et_pb_text module_id=&#8221;obertura-laboral&#8221; _builder_version=&#8221;4.14.9&#8243; _module_preset=&#8221;default&#8221; text_font=&#8221;|300|||||||&#8221; text_text_color=&#8221;#3a3a3a&#8221; text_font_size=&#8221;18px&#8221; header_3_font=&#8221;|600|||||||&#8221; header_3_text_color=&#8221;#3a3a3a&#8221; header_3_font_size=&#8221;26px&#8221; module_alignment=&#8221;left&#8221; custom_padding=&#8221;||||false|false&#8221; hover_enabled=&#8221;0&#8243; text_font_size_tablet=&#8221;17px&#8221; text_font_size_phone=&#8221;16px&#8221; text_font_size_last_edited=&#8221;on|phone&#8221; header_3_font_size_tablet=&#8221;24px&#8221; header_3_font_size_phone=&#8221;22px&#8221; header_3_font_size_last_edited=&#8221;on|phone&#8221; global_colors_info=&#8221;{}&#8221; sticky_enabled=&#8221;0&#8243;]<\/p>\n<h3 style=\"margin-bottom: 20px;\"><b>Apertura Laboral<\/b><\/h3>\n<p>En el momento de apertura de un centro de trabajo se necesitan una serie de tr\u00e1mites que hay que seguir para constituir la unidad productiva. En Gestoria Sol\u00e9 te lo ponemos f\u00e1cil y nos encargamos de todo.<\/p>\n<p>[\/et_pb_text][et_pb_text module_id=&#8221;altes-baixes-variacions&#8221; _builder_version=&#8221;4.14.6&#8243; _module_preset=&#8221;default&#8221; text_font=&#8221;|300|||||||&#8221; text_text_color=&#8221;#3a3a3a&#8221; text_font_size=&#8221;18px&#8221; header_3_font=&#8221;|600|||||||&#8221; header_3_text_color=&#8221;#3a3a3a&#8221; header_3_font_size=&#8221;26px&#8221; module_alignment=&#8221;left&#8221; custom_padding=&#8221;||||false|false&#8221; text_font_size_tablet=&#8221;17px&#8221; text_font_size_phone=&#8221;16px&#8221; text_font_size_last_edited=&#8221;on|phone&#8221; header_3_font_size_tablet=&#8221;24px&#8221; header_3_font_size_phone=&#8221;22px&#8221; header_3_font_size_last_edited=&#8221;on|phone&#8221; global_colors_info=&#8221;{}&#8221;]<\/p>\n<h3 style=\"margin-bottom: 20px;\"><b>Altas, Bajas y Variaciones en la Seguridad Social<\/b><\/h3>\n<p>Las altas, bajas y variaciones son actos administrativos en la Seguridad Social que tienen una gran importancia en todo el que va relacionado con el trabajador. Nosotros pensamos en ti y te ofrecemos la ayuda que necesitas en cualquier de estos casos.<\/p>\n<p>[\/et_pb_text][et_pb_text module_id=&#8221;seguiment-de-venciments&#8221; _builder_version=&#8221;4.14.6&#8243; _module_preset=&#8221;default&#8221; text_font=&#8221;|300|||||||&#8221; text_text_color=&#8221;#3a3a3a&#8221; text_font_size=&#8221;18px&#8221; header_3_font=&#8221;|600|||||||&#8221; header_3_text_color=&#8221;#3a3a3a&#8221; header_3_font_size=&#8221;26px&#8221; module_alignment=&#8221;left&#8221; custom_padding=&#8221;||||false|false&#8221; text_font_size_tablet=&#8221;17px&#8221; text_font_size_phone=&#8221;16px&#8221; text_font_size_last_edited=&#8221;on|phone&#8221; header_3_font_size_tablet=&#8221;24px&#8221; header_3_font_size_phone=&#8221;22px&#8221; header_3_font_size_last_edited=&#8221;on|phone&#8221; global_colors_info=&#8221;{}&#8221;]<\/p>\n<h3 style=\"margin-bottom: 20px;\"><b>Seguimiento de Vencimientos de Contratos Laborales<\/b><\/h3>\n<p>Realizamos seguimientos de vencimiento de contratos laborales para ofrecer el mejor servicio al empleado y al propietario del centro laboral.<\/p>\n<p>[\/et_pb_text][et_pb_text module_id=&#8221;pensions-de-jubilacio&#8221; _builder_version=&#8221;4.14.6&#8243; _module_preset=&#8221;default&#8221; text_font=&#8221;|300|||||||&#8221; text_text_color=&#8221;#3a3a3a&#8221; text_font_size=&#8221;18px&#8221; header_3_font=&#8221;|600|||||||&#8221; header_3_text_color=&#8221;#3a3a3a&#8221; header_3_font_size=&#8221;26px&#8221; module_alignment=&#8221;left&#8221; custom_padding=&#8221;||||false|false&#8221; text_font_size_tablet=&#8221;17px&#8221; text_font_size_phone=&#8221;16px&#8221; text_font_size_last_edited=&#8221;on|phone&#8221; header_3_font_size_tablet=&#8221;24px&#8221; header_3_font_size_phone=&#8221;22px&#8221; header_3_font_size_last_edited=&#8221;on|phone&#8221; global_colors_info=&#8221;{}&#8221;]<\/p>\n<h3 style=\"margin-bottom: 20px;\"><b>Pensiones de Jubilaci\u00f3n<\/b><\/h3>\n<p>Nos encargamos de ofrecerte asesoramiento y gestionar cualquier tr\u00e1mite para cubrir las p\u00e9rdidas de ingresos en el momento de llegar a la jubilaci\u00f3n.<\/p>\n<p>[\/et_pb_text][et_pb_text module_id=&#8221;gestio-requeriments-aeat-tgss-inss&#8221; _builder_version=&#8221;4.14.6&#8243; _module_preset=&#8221;default&#8221; text_font=&#8221;|300|||||||&#8221; text_text_color=&#8221;#3a3a3a&#8221; text_font_size=&#8221;18px&#8221; header_3_font=&#8221;|600|||||||&#8221; header_3_text_color=&#8221;#3a3a3a&#8221; header_3_font_size=&#8221;26px&#8221; module_alignment=&#8221;left&#8221; custom_padding=&#8221;||||false|false&#8221; text_font_size_tablet=&#8221;17px&#8221; text_font_size_phone=&#8221;16px&#8221; text_font_size_last_edited=&#8221;on|phone&#8221; header_3_font_size_tablet=&#8221;24px&#8221; header_3_font_size_phone=&#8221;22px&#8221; header_3_font_size_last_edited=&#8221;on|phone&#8221; global_colors_info=&#8221;{}&#8221;]<\/p>\n<h3 style=\"margin-bottom: 20px;\"><b>Gesti\u00f3n Requerimientos AEAT\/TGSS\/INSS<\/b><\/h3>\n<p>Te informamos y asesoramos sobre los diferentes requerimientos y gestiones de la Agencia Tributaria, la Tesorer\u00eda General de Seguridad Social y el Instituto Nacional de Seguridad Social.<\/p>\n<p>[\/et_pb_text][et_pb_text module_id=&#8221;incapacitat-temporal-permanent&#8221; _builder_version=&#8221;4.14.9&#8243; _module_preset=&#8221;default&#8221; text_font=&#8221;|300|||||||&#8221; text_text_color=&#8221;#3a3a3a&#8221; text_font_size=&#8221;18px&#8221; header_3_font=&#8221;|600|||||||&#8221; header_3_text_color=&#8221;#3a3a3a&#8221; header_3_font_size=&#8221;26px&#8221; module_alignment=&#8221;left&#8221; custom_padding=&#8221;||||false|false&#8221; hover_enabled=&#8221;0&#8243; text_font_size_tablet=&#8221;17px&#8221; text_font_size_phone=&#8221;16px&#8221; text_font_size_last_edited=&#8221;on|phone&#8221; header_3_font_size_tablet=&#8221;24px&#8221; header_3_font_size_phone=&#8221;22px&#8221; header_3_font_size_last_edited=&#8221;on|phone&#8221; global_colors_info=&#8221;{}&#8221; sticky_enabled=&#8221;0&#8243;]<\/p>\n<h3 style=\"margin-bottom: 20px;\"><strong>Incapacidad Temporal o Permanente<\/strong><\/h3>\n<p>La incapacidad temporal y permanente son situaciones que se dan cuando un trabajador no es capaz de desarrollar sus tareas laborales por causas de accidentes o enfermedades. En Gestoria Sol\u00e9 te ofrecemos el mejor servicio para gestionar estos tr\u00e1mites de corto o largo plazo.<\/p>\n<p>[\/et_pb_text][et_pb_text module_id=&#8221;viudetat-orfandat&#8221; _builder_version=&#8221;4.14.9&#8243; _module_preset=&#8221;default&#8221; text_font=&#8221;|300|||||||&#8221; text_text_color=&#8221;#3a3a3a&#8221; text_font_size=&#8221;18px&#8221; header_3_font=&#8221;|600|||||||&#8221; header_3_text_color=&#8221;#3a3a3a&#8221; header_3_font_size=&#8221;26px&#8221; module_alignment=&#8221;left&#8221; custom_padding=&#8221;||||false|false&#8221; hover_enabled=&#8221;0&#8243; text_font_size_tablet=&#8221;17px&#8221; text_font_size_phone=&#8221;16px&#8221; text_font_size_last_edited=&#8221;on|phone&#8221; header_3_font_size_tablet=&#8221;24px&#8221; header_3_font_size_phone=&#8221;22px&#8221; header_3_font_size_last_edited=&#8221;on|phone&#8221; global_colors_info=&#8221;{}&#8221; sticky_enabled=&#8221;0&#8243;]<\/p>\n<h3 style=\"margin-bottom: 20px;\"><b>Viudedad\/Orfandad<\/b><\/h3>\n<p>La pensi\u00f3n de viudedad u orfandad van dirigidas en favor del c\u00f3nyugue o de los sucesores. En Gestoria Sol\u00e9 ofrecemos ayuda para acceder a estas ayudas econ\u00f3micas despu\u00e9s de la muerte de un ser querido.<\/p>\n<p>[\/et_pb_text][et_pb_text module_id=&#8221;maternitat-paternitat&#8221; _builder_version=&#8221;4.14.6&#8243; _module_preset=&#8221;default&#8221; text_font=&#8221;|300|||||||&#8221; text_text_color=&#8221;#3a3a3a&#8221; text_font_size=&#8221;18px&#8221; header_3_font=&#8221;|600|||||||&#8221; header_3_text_color=&#8221;#3a3a3a&#8221; header_3_font_size=&#8221;26px&#8221; module_alignment=&#8221;left&#8221; custom_padding=&#8221;||||false|false&#8221; text_font_size_tablet=&#8221;17px&#8221; text_font_size_phone=&#8221;16px&#8221; text_font_size_last_edited=&#8221;on|phone&#8221; header_3_font_size_tablet=&#8221;24px&#8221; header_3_font_size_phone=&#8221;22px&#8221; header_3_font_size_last_edited=&#8221;on|phone&#8221; global_colors_info=&#8221;{}&#8221;]<\/p>\n<h3 style=\"margin-bottom: 20px;\"><b>Maternidad\/Paternidad<\/b><\/h3>\n<p>Nos encargamos de los permisos y el tiempo de incapacidad laboral que necesitas en caso de nacimiento, adopci\u00f3n, o acogida de un hijo.<\/p>\n<p>[\/et_pb_text][et_pb_text module_id=&#8221;atur-acomiadaments&#8221; _builder_version=&#8221;4.14.6&#8243; _module_preset=&#8221;default&#8221; text_font=&#8221;|300|||||||&#8221; text_text_color=&#8221;#3a3a3a&#8221; text_font_size=&#8221;18px&#8221; header_3_font=&#8221;|600|||||||&#8221; header_3_text_color=&#8221;#3a3a3a&#8221; header_3_font_size=&#8221;26px&#8221; module_alignment=&#8221;left&#8221; custom_padding=&#8221;||||false|false&#8221; text_font_size_tablet=&#8221;17px&#8221; text_font_size_phone=&#8221;16px&#8221; text_font_size_last_edited=&#8221;on|phone&#8221; header_3_font_size_tablet=&#8221;24px&#8221; header_3_font_size_phone=&#8221;22px&#8221; header_3_font_size_last_edited=&#8221;on|phone&#8221; global_colors_info=&#8221;{}&#8221;]<\/p>\n<h3 style=\"margin-bottom: 20px;\"><b>Paro\/Despidos<\/b><\/h3>\n<p>Te ofrecemos la asesor\u00eda que necesitas si te encuentras en situaci\u00f3n de paro o de despido y te ayudamos a calcular las indemnizaciones que necesitas en cualquiera de estas situaciones.<\/p>\n<p>[\/et_pb_text][et_pb_text module_id=&#8221;prevencio-riscos-laborals&#8221; _builder_version=&#8221;4.14.6&#8243; _module_preset=&#8221;default&#8221; text_font=&#8221;|300|||||||&#8221; text_text_color=&#8221;#3a3a3a&#8221; text_font_size=&#8221;18px&#8221; header_3_font=&#8221;|600|||||||&#8221; header_3_text_color=&#8221;#3a3a3a&#8221; header_3_font_size=&#8221;26px&#8221; module_alignment=&#8221;left&#8221; custom_padding=&#8221;||||false|false&#8221; text_font_size_tablet=&#8221;17px&#8221; text_font_size_phone=&#8221;16px&#8221; text_font_size_last_edited=&#8221;on|phone&#8221; header_3_font_size_tablet=&#8221;24px&#8221; header_3_font_size_phone=&#8221;22px&#8221; header_3_font_size_last_edited=&#8221;on|phone&#8221; global_colors_info=&#8221;{}&#8221;]<\/p>\n<h3 style=\"margin-bottom: 20px;\"><b>Prevenci\u00f3n de Riesgos Laborales<\/b><\/h3>\n<p>Te asesoramos en aquel conjunto de actividades o medidas adoptadas a la empresa para evitar o disminuir los riesgos derivados del trabajo.<\/p>\n<p>[\/et_pb_text][\/et_pb_column][\/et_pb_row][\/et_pb_section]<\/p>\n","protected":false},"excerpt":{"rendered":"<p>C\u00e9ntrate en tu negocio y nosotros nos encargamos del resto. Descubre todo el que podemos hacer por ti y tu proyecto laboral.Nosotros lo hacemos por ti Una de las cosas m\u00e1s importantes para nosotros sois t\u00fa y tu negocio. Por eso dentro de nuestro asesoramiento realizamos un estudio de la situaci\u00f3n en la cual se [&hellip;]<\/p>\n","protected":false},"author":1,"featured_media":0,"parent":0,"menu_order":0,"comment_status":"closed","ping_status":"closed","template":"","meta":{"_et_pb_use_builder":"on","_et_pb_old_content":"","_et_gb_content_width":"","footnotes":""},"class_list":["post-653","page","type-page","status-publish","hentry"],"_links":{"self":[{"href":"https:\/\/gestoriasole.com\/es\/wp-json\/wp\/v2\/pages\/653","targetHints":{"allow":["GET"]}}],"collection":[{"href":"https:\/\/gestoriasole.com\/es\/wp-json\/wp\/v2\/pages"}],"about":[{"href":"https:\/\/gestoriasole.com\/es\/wp-json\/wp\/v2\/types\/page"}],"author":[{"embeddable":true,"href":"https:\/\/gestoriasole.com\/es\/wp-json\/wp\/v2\/users\/1"}],"replies":[{"embeddable":true,"href":"https:\/\/gestoriasole.com\/es\/wp-json\/wp\/v2\/comments?post=653"}],"version-history":[{"count":8,"href":"https:\/\/gestoriasole.com\/es\/wp-json\/wp\/v2\/pages\/653\/revisions"}],"predecessor-version":[{"id":937,"href":"https:\/\/gestoriasole.com\/es\/wp-json\/wp\/v2\/pages\/653\/revisions\/937"}],"wp:attachment":[{"href":"https:\/\/gestoriasole.com\/es\/wp-json\/wp\/v2\/media?parent=653"}],"curies":[{"name":"wp","href":"https:\/\/api.w.org\/{rel}","templated":true}]}}